{"id":146,"date":"2015-07-30T16:46:16","date_gmt":"2015-07-30T14:46:16","guid":{"rendered":"http:\/\/armadilloclub.org\/site\/?page_id=146"},"modified":"2024-12-03T16:42:10","modified_gmt":"2024-12-03T15:42:10","slug":"eventi-realizzati","status":"publish","type":"page","link":"https:\/\/www.armadilloclub.org\/site\/eventi-realizzati\/","title":{"rendered":"Eventi Realizzati"},"content":{"rendered":"<h2>Eventi Realizzati<\/h2>\n<p>Ecco alcune fra le pi\u00f9 importanti iniziative organizzate dall&#8217;Armadillo Club:<\/p>\n<p><strong><a href=\"https:\/\/www.armadilloclub.org\/site\/wp-content\/uploads\/2015\/12\/MasterlogoAGV.jpg\" rel=\"attachment wp-att-831\"><img loading=\"lazy\" decoding=\"async\" class=\"size-thumbnail wp-image-831 alignleft\" src=\"https:\/\/www.armadilloclub.org\/site\/wp-content\/uploads\/2015\/12\/MasterlogoAGV-150x150.jpg\" alt=\"MasterlogoAGV\" width=\"150\" height=\"150\" \/><\/a><a href=\"http:\/\/www.acousticguitarvillage.net\" target=\"_blank\" rel=\"noopener noreferrer\">ACOUSTIC GUITAR VILLAGE<\/a> &#8211; Cremona <\/strong>all&#8217;interno di Cremona Musica International Exhibitions &amp; Festival, con <strong>Fiera di Cremona<\/strong> (2014-2015-2016-2017-2018-2019-2020-2021-2022-2023-2024)<\/p>\n<p>&nbsp;<\/p>\n<p>&nbsp;<\/p>\n<p>&nbsp;<\/p>\n<p><a href=\"https:\/\/www.armadilloclub.org\/site\/wp-content\/uploads\/2024\/12\/testata-newsletter-accordion.png\"><img loading=\"lazy\" decoding=\"async\" class=\"wp-image-2713 alignleft\" src=\"https:\/\/www.armadilloclub.org\/site\/wp-content\/uploads\/2024\/12\/testata-newsletter-accordion.png\" alt=\"\" width=\"260\" height=\"90\" srcset=\"https:\/\/www.armadilloclub.org\/site\/wp-content\/uploads\/2024\/12\/testata-newsletter-accordion.png 534w, https:\/\/www.armadilloclub.org\/site\/wp-content\/uploads\/2024\/12\/testata-newsletter-accordion-300x104.png 300w\" sizes=\"auto, (max-width: 260px) 100vw, 260px\" \/><\/a><\/p>\n<p><strong>ACCORDION SHOW &#8211; Cremona <\/strong>all&#8217;interno di Cremona Musica International Exhibitions &amp; Festival, con <strong>Fiera di Cremona<\/strong> (2018-2019-2020-2021-2022-2023-2024)<\/p>\n<p>&nbsp;<\/p>\n<p>&nbsp;<\/p>\n<p><a href=\"http:\/\/armadilloclub.org\/site\/wp-content\/uploads\/2015\/07\/master_logo-univ.jpg\"><img loading=\"lazy\" decoding=\"async\" class=\"size-thumbnail wp-image-379 alignleft\" src=\"http:\/\/armadilloclub.org\/site\/wp-content\/uploads\/2015\/07\/master_logo-univ-150x150.jpg\" alt=\"master_logo univ\" width=\"150\" height=\"150\" \/><\/a><strong><a href=\"http:\/\/www.acousticguitarvillage.net\" target=\"_blank\" rel=\"noopener noreferrer\">ACOUSTIC GUITAR MEETING<\/a> &#8211; Sarzana (SP) <\/strong>con <strong>Comune di Sarzana e Regione Liguria<\/strong> (1998-1999-2000-2001-2002-2003-2004-2005-2006-2007-2008-2009-2010-2011-2012-2013-2014-2015)<\/p>\n<p>&nbsp;<\/p>\n<p>&nbsp;<\/p>\n<p>&nbsp;<\/p>\n<p><a href=\"https:\/\/www.armadilloclub.org\/site\/wp-content\/uploads\/2021\/11\/Logo_FMM_comunicazioni.jpg\"><img loading=\"lazy\" decoding=\"async\" class=\"size-thumbnail wp-image-2538 alignleft\" src=\"https:\/\/www.armadilloclub.org\/site\/wp-content\/uploads\/2021\/11\/Logo_FMM_comunicazioni-150x150.jpg\" alt=\"\" width=\"150\" height=\"150\" srcset=\"https:\/\/www.armadilloclub.org\/site\/wp-content\/uploads\/2021\/11\/Logo_FMM_comunicazioni-150x150.jpg 150w, https:\/\/www.armadilloclub.org\/site\/wp-content\/uploads\/2021\/11\/Logo_FMM_comunicazioni.jpg 292w\" sizes=\"auto, (max-width: 150px) 100vw, 150px\" \/><\/a><\/p>\n<ul>\n<li><strong>FOLK MUSIC MEETING<\/strong> con <strong>Fondazione Carispezia, Comune di S.Stefano Magra, Comune di Castelnuovo Magra, Comune di Fosdinovo, ARCI Val di Magra, UISP La Spezia-Val di Magra<\/strong> (2021-2022)<\/li>\n<\/ul>\n<p>&nbsp;<\/p>\n<p>&nbsp;<\/p>\n<ul>\n<li><strong>SUONI DAL CASTELLO al\u00a0Castello di Lerici<\/strong>, con Comune di Lerici (1998-1999-2000-2001-2002-2003-2004-2014)<\/li>\n<li><strong>SUONI FUORI DAL CASTELLO sul territorio del Comune di Lerici<\/strong> (2000-2001-2002-2004-2005-2006-2007)<\/li>\n<li><strong>FERMOPOSTA a Sarzana<\/strong> con Comune di Sarzana (1998-1999-2000-2001-2002-2003-2004)<\/li>\n<li><strong>TRA FIUME E MARE<\/strong> &#8211; Rassegna musicale alla foce del fiume Magra con Comune di Ameglia -(2003-2004-2005-2006-2007-2008-2009-2010-2011-2012-2013)<\/li>\n<li><strong>LABORATORIO PIAZZA DE ANDRE&#8217; a Sarzana<\/strong> &#8211; Rassegna musicale in Piazza De Andr\u00e8 con ARCI-UISP e Comune di Sarzana (2009-2010-2011-2012-2013-2014-2015-2016-2017-2018)<\/li>\n<li><strong>LIVE MUSIC CIRCUS<\/strong> , concerti tra Sarzana, Ameglia, Lerici, La Spezia (2000-2001)<\/li>\n<li><strong>CHITARRE NEL GOLFO DEI POETI a Lerici <\/strong>Villa Marigola con Fondazione CARISPEZIA (2005-2006-2007)<\/li>\n<li><strong>LIVE &#8216;N BRIN a La \u00a0Spezia<\/strong> Piazza Brin con Comune di La Spezia (2001)<\/li>\n<li><strong>I GIORNI DELLA CHITARRA a<\/strong>\u00a0<strong>La Spezia<\/strong> Piazza Del Bastione con Comune di La Spezia (2002)<\/li>\n<li><strong>MODERNO MUSIC CLUB a Sarzana<\/strong>, concerti al Cinema Moderno (2002-2003)<\/li>\n<li><strong>ABSOLUTELY LIVE<\/strong> al locale Cachondeo di La Spezia (2000)<\/li>\n<li><strong>NON SOLO CINEMA a Pontremoli,<\/strong>\u00a0rassegna di concerti al Teatro Manzoni (1999-2000-2001)<\/li>\n<li><strong>LIVE MUSIC, <\/strong>concerti all&#8217;Istituto Don Gnocchi di Marina di Massa (2000-2001-2002-2003-2004-2005-2006)<\/li>\n<li><strong>SALENTO GUITAR FESTIVAL a Lecce<\/strong> con Provincia di Lecce (2002)<\/li>\n<li><strong>THE BLUES JOINT<\/strong> a Sarzana, centro culturale polivalente, con Jux Tap Entertainment (2003)<\/li>\n<li><strong>THE BLUES JOINT BENEFIT<\/strong> &#8211; Concerto per raccolti fondi per le popolazioni alluvionate del levante ligure, al JUX TAP di Sarzana (2011)<\/li>\n<li><strong>WOMEN &amp; GUITARS<\/strong> a Portovenere con Comune di Portovenere (2012)<\/li>\n<li><strong>IV EDIZIONE PREMIO STEFANO ROSSO a Roma<\/strong>, Piazza S.Maria in Trastevere (2012)<\/li>\n<li><strong>INVERNO IN MUSICA @ SARZANA<\/strong> con Comune di Sarzana (2012)<\/li>\n<li><strong>NEW ACOUSTIC MUSIC IN CONCERT a Roma<\/strong>, Salone Margherita (2013)<\/li>\n<li><strong>SARZANA JAZZ &amp; BLUES<\/strong> con Comune di Sarzana e Tag Pistoia (2014-2015)<\/li>\n<li><strong>DA SARZANA SUONI PER LA VITA<\/strong> raccolta fondi pro terremotati di Amatrice (RI) con Comune di Sarzana (2016)<\/li>\n<\/ul>\n<p>Fra i tanti altri eventi realizzati, ricordiamo il grande concerto delle <strong>&#8220;Grandmothers&#8221;<\/strong> la mitica prima band di Frank Zappa (Sarzana 1998), quello di <strong>Youssou &#8216;n Dour<\/strong>\u00a0 (Lerici luglio 2001), le <strong>&#8220;Grandmothers Re:invented&#8221;<\/strong>, nuova formazione con membri originari della band di Frank Zappa (Fiumaretta di Ameglia luglio 2010).<\/p>\n<p>E poi: concerti a Porto Lotti, La Spezia &#8211; concerti ai bagni Tropicana e San Marco a Fiumaretta di Ameglia &#8211; concerti a Santo Stefano Magra, Arcola, Bocca di Magra, Fiumaretta, Lerici, San Terenzo, Marina di Massa &#8211; concerti a Capalbio (Grosseto), ecc. ecc.<\/p>\n<h2>Fiere &#8211; Esposizioni<\/h2>\n<ul>\n<li><strong><a href=\"http:\/\/armadilloclub.org\/site\/acoustic-guitar-village\/\" target=\"_blank\" rel=\"noopener noreferrer\">ACOUSTIC GUITAR VILLAGE<\/a> a Milano Fiera di Rho<\/strong> con Fiera di Milano e Dismamusica (2007)<\/li>\n<li><strong><a href=\"http:\/\/www.cremonamondomusica.it\/acoustic-guitar-village\/\" target=\"_blank\" rel=\"noopener noreferrer\">ACOUSTIC GUITAR VILLAGE <\/a>a Cremona Musica<\/strong> con Fiera di Cremona (2014-2015-2016-2017-2018-2019-2020-2021-2022-2023-2024)<\/li>\n<\/ul>\n<h2>Progetti Speciali<\/h2>\n<ul>\n<li><strong>PROGETTO DI EDUCAZIONE ALLA CHITARRA ACUSTICA E ALLE MUSICHE DEL MONDO<\/strong>, \u00a0concerti, seminari, workshops, conferenze di musica e liuteria nelle scuole della Provincia di La Spezia, all&#8217;interno di Progetto Musica della Fondazione CARISPE (2007-2008-2009-2010-2011-2012-2013)<\/li>\n<li><strong>OSTHELLO<\/strong>, seminari-corsi-workshops formativi musicali \u00a0negli Ostelli della Giovent\u00f9, in collaborazione con il Ministero della Giovent\u00f9, Associazione Italiana Ostelli della Giovent\u00f9, Associazione Zona Progetti (2012)<\/li>\n<\/ul>\n<h2>Mostre e incontri nei locali dell&#8217;Armadillo Club<\/h2>\n<ul>\n<li><strong>&#8220;Tocca la Terra&#8221; <\/strong>mostra, poesie, musica, attivit\u00e0 degli Indiani d&#8217;America (1994)<\/li>\n<li><strong>&#8220;Alla Zappa&#8221; <\/strong>mostra, incontri, curiosit\u00e0 sul mondo di Frank Zappa\u00a0(1994 e 1997)<\/li>\n<li><strong>&#8220;Storie nella polvere&#8221; <\/strong>mostra, poesie, musica, sulla Grande Depressione Americana\u00a0(1996)<\/li>\n<\/ul>\n<h2>Concerti e Tour<\/h2>\n<p>Tanti i concerti e i tour di artisti internazionali realizzati sul territorio nazionale che hanno contribuito a far conoscere artisti di assoluto valore e spessore musicale. Negli anni hanno girato e suonato in Italia con noi: <strong>Bob Brozman, Ed Gerhard, Michael Manring, Jackie Perkins, Paolo Giordano, Clive Carroll, &#8220;The Hussy Hicks&#8221;, Diane Ponzio, Preston Reed, &#8220;Sukarma&#8221;, Solorazaf, Joel Rafael, &#8220;The Loulou Sisters&#8221;, Dirk Hamilton, Michael Fix, &#8220;Scariolanti&#8221;, <\/strong>ecc.<\/p>\n<p>&nbsp;<\/p>\n<h2>Foto Rassegne Musicali &#8211; Festival<\/h2>\n<!-- Final Tiles Grid Gallery for WordPress v3.1.8 --><style>#ftg-1159 .tile { border: 1px solid #bfaf93; }#ftg-1159 .tile .icon { color:#ffffff; }#ftg-1159 .ftg-items .loading-bar i { background:#000000; }#ftg-1159 .ftg-items .loading-bar { background:#cccccc; }#ftg-1159 .tile .icon { font-size:50px; }#ftg-1159 .tile .icon { margin: -25px 0 0 -25px; }#ftg-1159 .tile .caption { font-size:16px; }#ftg-1159 .tile .tile-inner .text { color: #ffffff; }#ftg-1159 .tile .ftg-social a { color: #ffffff; }#ftg-1159 .tile { box-shadow: #dbdbdb 0px 0px 2px; }#ftg-1159 .tile .caption { transition-timing-function:linear; }#ftg-1159 .tile .caption { transition-duration:0.25s; }#ftg-1159 .tile .caption { background-color: #dd8500; }#ftg-1159 .tile .caption { background-color: rgba(221, 133, 0, 0.8); }#ftg-1159 .tile .caption.frame .text { border-color: #ffffff; }#ftg-1159 .tile { transform: scale(1) translate(0px,0px) rotate(0deg); }#ftg-1159 .tile .icon {-moz-transition: all .5s;-webkit-transition: all .5s;-o-transition: all .5s;-ms-transition: all .5s;transition: all .5s;}#ftg-1159 .tile:hover .icon {-moz-transform: rotate(360deg);-webkit-transform: rotate(360deg);-o-transform: rotate(360deg);-ms-transform: rotate(360deg);transform: rotate(360deg);}<\/style><div class='final-tiles-gallery captions-hidden hover-fade caption-full-height' id='ftg-1159' style='width:100%'><div class='ftg-items'><div class='loading-bar'><i><\/i><\/div><div  class='tile '><a data-title=\" ACOUSTIC GUITAR MEETING &lt;br&gt;Appuntamento annuale a Sarzana in maggio\"  rel='ftg-1159' target='_self' class='tile-inner  ' href='http:\/\/armadilloclub.org\/site\/eventi-realizzati\/acoustic-guitar-meeting\/' data-big=''><img class='item' data-ftg-src='http:\/\/armadilloclub.org\/site\/wp-content\/uploads\/2015\/07\/guitar_est-300x200.jpg' src='http:\/\/armadilloclub.org\/site\/wp-content\/uploads\/2015\/07\/guitar_est-300x200.jpg' \/><span class='caption frame'><span class='text'> ACOUSTIC GUITAR MEETING <br>Appuntamento annuale a Sarzana in maggio<\/span><\/span><\/a><div class='ftg-social'><\/div><\/div><div  class='tile '><a data-title=\"SUONI DAL CASTELLO &lt;br&gt; Castello di Lerici (SP)&lt;br&gt;&lt;br&gt; La storia - photo gallery  Photo Gallery\"  rel='ftg-1159' target='_self' class='tile-inner  ' href='http:\/\/armadilloclub.org\/site\/eventi-realizzati\/suoni-dal-castello\/' data-big=''><img class='item' data-ftg-src='http:\/\/armadilloclub.org\/site\/wp-content\/uploads\/2015\/07\/logo-Suoni-dal-Castello_2014-300x105.jpg' src='http:\/\/armadilloclub.org\/site\/wp-content\/uploads\/2015\/07\/logo-Suoni-dal-Castello_2014-300x105.jpg' \/><span class='caption frame'><span class='text'>SUONI DAL CASTELLO <br> Castello di Lerici (SP)<br><br> La storia - photo gallery  Photo Gallery<\/span><\/span><\/a><div class='ftg-social'><\/div><\/div><div  class='tile '><a data-title=\"Teatro Salone Margherita&lt;br&gt;New Acoustic Music in concert&lt;br&gt;photo gallery\"  rel='ftg-1159' target='_self' class='tile-inner  ' href='http:\/\/armadilloclub.org\/site\/eventi-realizzati\/new-acoustic-music-in-concert\/' data-big=''><img class='item' data-ftg-src='http:\/\/armadilloclub.org\/site\/wp-content\/uploads\/2015\/08\/SaloneMargherita_logo-300x151.jpg' src='http:\/\/armadilloclub.org\/site\/wp-content\/uploads\/2015\/08\/SaloneMargherita_logo-300x151.jpg' \/><span class='caption frame'><span class='text'>Teatro Salone Margherita<br>New Acoustic Music in concert<br>photo gallery<\/span><\/span><\/a><div class='ftg-social'><\/div><\/div><div  class='tile '><a data-title=\"TRA FIUME E MARE  &lt;br&gt;Rassegna di musica internazionale  in collaborazione col Comune di Ameglia &lt;br&gt; Sulle sponde del fiume Magra, a Bocca di Magra, Fiumaretta, Montemarcello  &lt;br&gt;Photo Gallery\"  rel='ftg-1159' target='_self' class='tile-inner  ' href='http:\/\/armadilloclub.org\/site\/eventi-realizzati\/tra-fiume-e-mare\/' data-big=''><img class='item' data-ftg-src='http:\/\/armadilloclub.org\/site\/wp-content\/uploads\/2015\/07\/Logo-Tra-fiume-e-mare-296x300.jpg' src='http:\/\/armadilloclub.org\/site\/wp-content\/uploads\/2015\/07\/Logo-Tra-fiume-e-mare-296x300.jpg' \/><span class='caption frame'><span class='text'>TRA FIUME E MARE  <br>Rassegna di musica internazionale  in collaborazione col Comune di Ameglia <br> Sulle sponde del fiume Magra, a Bocca di Magra, Fiumaretta, Montemarcello  <br>Photo Gallery<\/span><\/span><\/a><div class='ftg-social'><\/div><\/div><div  class='tile '><a data-title=\"FERMO POSTA  &lt;br&gt;Piazzetta Posta, ora Piazza De Andr\u00e8, Sarzana (SP)  &lt;br&gt; Photo Gallery\"  rel='ftg-1159' target='_self' class='tile-inner  ' href='http:\/\/armadilloclub.org\/site\/eventi-realizzati\/fermo-posta\/' data-big=''><img class='item' data-ftg-src='http:\/\/armadilloclub.org\/site\/wp-content\/uploads\/2015\/07\/Logo_FermoPosta-300x169.jpg' src='http:\/\/armadilloclub.org\/site\/wp-content\/uploads\/2015\/07\/Logo_FermoPosta-300x169.jpg' \/><span class='caption frame'><span class='text'>FERMO POSTA  <br>Piazzetta Posta, ora Piazza De Andr\u00e8, Sarzana (SP)  <br> Photo Gallery<\/span><\/span><\/a><div class='ftg-social'><\/div><\/div><div  class='tile '><a data-title=\"LABORATORIO  &lt;br&gt;PIAZZA DE ANDRE&#039; &lt;br&gt;appuntamento annuale &lt;br&gt; a Sarzana in Piazza De Andr\u00e8 &lt;br&gt;Leggi la storia - foto\"  rel='ftg-1159' target='_self' class='tile-inner  ' href='http:\/\/armadilloclub.org\/site\/eventi-realizzati\/laboratorio-piazza-de-andre\/' data-big=''><img class='item' data-ftg-src='http:\/\/armadilloclub.org\/site\/wp-content\/uploads\/2015\/08\/Laboratorio-P.zza-De-Andr\u00e8_2015-212x300.jpg' src='http:\/\/armadilloclub.org\/site\/wp-content\/uploads\/2015\/08\/Laboratorio-P.zza-De-Andr\u00e8_2015-212x300.jpg' \/><span class='caption frame'><span class='text'>LABORATORIO  <br>PIAZZA DE ANDRE' <br>appuntamento annuale <br> a Sarzana in Piazza De Andr\u00e8 <br>Leggi la storia - foto<\/span><\/span><\/a><div class='ftg-social'><\/div><\/div><div  class='tile '><a data-title=\"CHITARRE NEL GOLFO DEI POETI  \u00e8 stata una significativa rassegna dedicata alla chitarra acustica ed alle sue espressioni musicali, accostando artisti italiani con esponenti internazionali dello strumento. La rassegna \u00e8 stata realizzata con il contributo e la collaborazione della Fondazione CARISPE della Spezia. photo gallery\"  rel='ftg-1159' target='_self' class='tile-inner  ' href='http:\/\/armadilloclub.org\/site\/eventi-realizzati\/chitarre-nel-golfo-dei-poeti\/' data-big=''><img class='item' data-ftg-src='http:\/\/armadilloclub.org\/site\/wp-content\/uploads\/2015\/07\/Logo-Chitarre-nel-Golfo-dei-Poeti-300x250.jpg' src='http:\/\/armadilloclub.org\/site\/wp-content\/uploads\/2015\/07\/Logo-Chitarre-nel-Golfo-dei-Poeti-300x250.jpg' \/><span class='caption frame'><span class='text'>CHITARRE NEL GOLFO DEI POETI  \u00e8 stata una significativa rassegna dedicata alla chitarra acustica ed alle sue espressioni musicali, accostando artisti italiani con esponenti internazionali dello strumento. La rassegna \u00e8 stata realizzata con il contributo e la collaborazione della Fondazione CARISPE della Spezia. photo gallery<\/span><\/span><\/a><div class='ftg-social'><\/div><\/div><div  class='tile '><a data-title=\"THE BLUES JOINT  dicembre 2003  il blues dai juke-joint a Wim Wenders - un mese e pi\u00f9 di eventi blues con concerti, proiezioni film, e eventi vari  con:  John Mayall  Treves Blues Band  Mason Casey  Paolo Bonfanti  Tony Balocco  Southside Blus Band  Robben Ford  Robin Brown  Mick Taylor  The Bluesmen  Guy Davis  Bettye Lavetteecc. \"  rel='ftg-1159' target='_self' class='tile-inner  ' href='http:\/\/armadilloclub.org\/site\/eventi-realizzati\/the-blues-joint\/' data-big=''><img class='item' data-ftg-src='http:\/\/armadilloclub.org\/site\/wp-content\/uploads\/2015\/07\/Juke-joint-300x219.jpg' src='http:\/\/armadilloclub.org\/site\/wp-content\/uploads\/2015\/07\/Juke-joint-300x219.jpg' \/><span class='caption frame'><span class='text'>THE BLUES JOINT  dicembre 2003  il blues dai juke-joint a Wim Wenders - un mese e pi\u00f9 di eventi blues con concerti, proiezioni film, e eventi vari  con:  John Mayall  Treves Blues Band  Mason Casey  Paolo Bonfanti  Tony Balocco  Southside Blus Band  Robben Ford  Robin Brown  Mick Taylor  The Bluesmen  Guy Davis  Bettye Lavetteecc. <\/span><\/span><\/a><div class='ftg-social'><\/div><\/div><div  class='tile '><a data-title=\"ACOUSTIC GUITAR VILLAGE &lt;br&gt;MEET MILANO 2007 - Fiera di Milano Rho\"  rel='ftg-1159' target='_self' class='tile-inner  ' href='http:\/\/armadilloclub.org\/site\/eventi-realizzati\/acoustic-guitar-village\/' data-big=''><img class='item' data-ftg-src='http:\/\/armadilloclub.org\/site\/wp-content\/uploads\/2015\/07\/logo-AGVpiccolo.jpg' src='http:\/\/armadilloclub.org\/site\/wp-content\/uploads\/2015\/07\/logo-AGVpiccolo.jpg' \/><span class='caption frame'><span class='text'>ACOUSTIC GUITAR VILLAGE <br>MEET MILANO 2007 - Fiera di Milano Rho<\/span><\/span><\/a><div class='ftg-social'><\/div><\/div><div  class='tile '><a data-title=\"Women &amp;amp; Guitars&lt;br&gt;24 Luglio &amp;amp; 9 Agosto 2012 - Porto Venere &lt;br&gt;photo gallery\"  rel='ftg-1159' target='_self' class='tile-inner  ' href='http:\/\/armadilloclub.org\/site\/eventi-realizzati\/women-guitar\/' data-big=''><img class='item' data-ftg-src='http:\/\/armadilloclub.org\/site\/wp-content\/uploads\/2015\/08\/WomenGuitars-214x300.jpg' src='http:\/\/armadilloclub.org\/site\/wp-content\/uploads\/2015\/08\/WomenGuitars-214x300.jpg' \/><span class='caption frame'><span class='text'>Women &amp; Guitars<br>24 Luglio &amp; 9 Agosto 2012 - Porto Venere <br>photo gallery<\/span><\/span><\/a><div class='ftg-social'><\/div><\/div><div  class='tile '><a data-title=\"Sarzana Jazz and Blues&lt;br\/&gt;Winter Weekend&lt;br\/&gt;I Edizione 2014\"  rel='ftg-1159' target='_self' class='tile-inner  ' href='http:\/\/armadilloclub.org\/site\/eventi-realizzati\/sarzana-jazz-and-blues\/' data-big=''><img class='item' data-ftg-src='http:\/\/armadilloclub.org\/site\/wp-content\/uploads\/2015\/08\/SARZANAJAZZBLUES_logo-300x155.jpg' src='http:\/\/armadilloclub.org\/site\/wp-content\/uploads\/2015\/08\/SARZANAJAZZBLUES_logo-300x155.jpg' \/><span class='caption frame'><span class='text'>Sarzana Jazz and Blues<br\/>Winter Weekend<br\/>I Edizione 2014<\/span><\/span><\/a><div class='ftg-social'><\/div><\/div><div  class='tile '><a data-title=\"Acoustic Guitar Village&lt;br&gt;all&#039;interno di Cremona Mondomusica &lt;br&gt;Fiera di Cremona\"  rel='ftg-1159' target='_self' class='tile-inner  ' href='http:\/\/armadilloclub.org\/site\/eventi-realizzati\/acoustic-guitar-village-cremona\/' data-big=''><img class='item' data-ftg-src='http:\/\/armadilloclub.org\/site\/wp-content\/uploads\/2015\/08\/logo_acoustic-guitar-village-260x300.jpg' src='http:\/\/armadilloclub.org\/site\/wp-content\/uploads\/2015\/08\/logo_acoustic-guitar-village-260x300.jpg' \/><span class='caption frame'><span class='text'>Acoustic Guitar Village<br>all'interno di Cremona Mondomusica <br>Fiera di Cremona<\/span><\/span><\/a><div class='ftg-social'><\/div><\/div><\/div><\/div><script type='text\/javascript'>setTimeout(function () {jQuery('#ftg-1159').finalTilesGallery({minTileWidth: 100,margin: 10,debug: false,gridSize: 25,allowEnlargement: true,imageSizeFactor: [ [4000, 0.9],[1024, 0.8],[768, 0.7],[640, 0.6],[320, 0.5]],scrollEffect: 'zoom',});jQuery(function () {});}, 0);<\/script>\n<p>&nbsp;<\/p>\n","protected":false},"excerpt":{"rendered":"<p>Eventi Realizzati Ecco alcune fra le pi\u00f9 importanti iniziative organizzate dall&#8217;Armadillo Club: ACOUSTIC GUITAR VILLAGE &#8211; Cremona all&#8217;interno di Cremona Musica International Exhibitions &amp; Festival, con Fiera di Cremona (2014-2015-2016-2017-2018-2019-2020-2021-2022-2023-2024) &nbsp; &nbsp; &nbsp; ACCORDION SHOW &#8211; Cremona all&#8217;interno di Cremona &hellip; <\/p>\n<p><a class=\"more-link\" href=\"https:\/\/www.armadilloclub.org\/site\/eventi-realizzati\/\">Continue reading<\/a><\/p>\n","protected":false},"author":1,"featured_media":0,"parent":0,"menu_order":0,"comment_status":"closed","ping_status":"closed","template":"full-width-page.php","meta":{"footnotes":""},"class_list":["post-146","page","type-page","status-publish","hentry"],"_links":{"self":[{"href":"https:\/\/www.armadilloclub.org\/site\/wp-json\/wp\/v2\/pages\/146","targetHints":{"allow":["GET"]}}],"collection":[{"href":"https:\/\/www.armadilloclub.org\/site\/wp-json\/wp\/v2\/pages"}],"about":[{"href":"https:\/\/www.armadilloclub.org\/site\/wp-json\/wp\/v2\/types\/page"}],"author":[{"embeddable":true,"href":"https:\/\/www.armadilloclub.org\/site\/wp-json\/wp\/v2\/users\/1"}],"replies":[{"embeddable":true,"href":"https:\/\/www.armadilloclub.org\/site\/wp-json\/wp\/v2\/comments?post=146"}],"version-history":[{"count":67,"href":"https:\/\/www.armadilloclub.org\/site\/wp-json\/wp\/v2\/pages\/146\/revisions"}],"predecessor-version":[{"id":2717,"href":"https:\/\/www.armadilloclub.org\/site\/wp-json\/wp\/v2\/pages\/146\/revisions\/2717"}],"wp:attachment":[{"href":"https:\/\/www.armadilloclub.org\/site\/wp-json\/wp\/v2\/media?parent=146"}],"curies":[{"name":"wp","href":"https:\/\/api.w.org\/{rel}","templated":true}]}}