{"id":273,"date":"2015-08-11T10:35:18","date_gmt":"2015-08-11T08:35:18","guid":{"rendered":"http:\/\/armadilloclub.org\/site\/?page_id=273"},"modified":"2020-04-11T14:36:08","modified_gmt":"2020-04-11T12:36:08","slug":"acoustic-guitar-meeting-workshops","status":"publish","type":"page","link":"https:\/\/www.armadilloclub.org\/site\/didattica-seminari-workshops\/acoustic-guitar-meeting-workshops\/","title":{"rendered":"Acoustic Guitar Meeting Corsi-Workshops"},"content":{"rendered":"<p>MASTERCLASSES ALL&#8217;ACOUSTIC GUITAR VILLAGE all&#8217;interno di CREMONA MUSICA (sale masterclass 1 e 2 Uffici di Cremona Fiere)<br \/>\n<span style=\"color: #ff0000;\">Venerd\u00ec 25 \u2013 Sabato 26 \u2013 Domenica 27 settembre 2020, dalle 10 alle 13 e dalle 14,30 alle 17,30<\/span><\/p>\n<p><strong>Masterclass di liuteria per chitarra acustica e mandolino<\/strong>, docenti:<strong>\u00a0M\u00b0 ENRICO BOTTELLI (Ita) \u2013 M\u00b0 JOHN MONTELEONE (Usa) \u2013 M\u00b0 LORENZO LIPPI (Ita)<\/strong><\/p>\n<p><a class=\"lightbox fancybox image\" href=\"http:\/\/www.acousticguitarmeeting.net\/wp-content\/uploads\/2020\/03\/387945f2-5467-43a4-bd1b-a9899c89e41c.jpeg\"><img loading=\"lazy\" decoding=\"async\" class=\"alignleft size-thumbnail wp-image-11387\" src=\"http:\/\/www.acousticguitarmeeting.net\/wp-content\/uploads\/2020\/03\/387945f2-5467-43a4-bd1b-a9899c89e41c-150x150.jpeg\" alt=\"\" width=\"150\" height=\"150\" \/><\/a><\/p>\n<p><a class=\"lightbox fancybox image\" href=\"http:\/\/www.acousticguitarmeeting.net\/wp-content\/uploads\/2020\/02\/JohnMonteleone_1.jpg\"><img loading=\"lazy\" decoding=\"async\" class=\"alignleft size-thumbnail wp-image-11343\" src=\"http:\/\/www.acousticguitarmeeting.net\/wp-content\/uploads\/2020\/02\/JohnMonteleone_1-150x150.jpg\" alt=\"\" width=\"150\" height=\"150\" \/><\/a><\/p>\n<p><a class=\"lightbox fancybox image\" href=\"http:\/\/www.acousticguitarmeeting.net\/wp-content\/uploads\/2020\/03\/Lorenzo-Lippi.jpg\"><img loading=\"lazy\" decoding=\"async\" class=\"alignleft size-thumbnail wp-image-11388\" src=\"http:\/\/www.acousticguitarmeeting.net\/wp-content\/uploads\/2020\/03\/Lorenzo-Lippi-150x150.jpg\" alt=\"\" width=\"150\" height=\"150\" \/><\/a><\/p>\n<p>&nbsp;<\/p>\n<p>&nbsp;<\/p>\n<p>&nbsp;<\/p>\n<p>traduzioni ed assistenza M\u00b0 Max Monterosso, M\u00b0 Mirko Borghino e M\u00b0 Massimo Gatti<\/p>\n<p>Costo euro 230,00 iva compresa<\/p>\n<p><a href=\"http:\/\/www.acousticguitarmeeting.net\/wp-content\/uploads\/2020\/03\/AGV20-iscrizione-masterclass-liuteria-chitarristica.pdf\" target=\"_blank\" rel=\"noopener noreferrer\">SCARICA MODULO PER ISCRIZIONE<\/a><\/p>\n<p><strong>Masterclass di didattica e tecniche per chitarra acustica, <\/strong>docenti:<strong> M\u00b0 FRANCESCO BUZZURRO (Ita) \u2013 M\u00b0 ED GERHARD (Usa)<\/strong><\/p>\n<p><a class=\"lightbox fancybox image\" href=\"http:\/\/www.acousticguitarmeeting.net\/wp-content\/uploads\/2020\/03\/Francesco-Buzzurro.jpg\"><img loading=\"lazy\" decoding=\"async\" class=\"alignleft size-thumbnail wp-image-11389\" src=\"http:\/\/www.acousticguitarmeeting.net\/wp-content\/uploads\/2020\/03\/Francesco-Buzzurro-150x150.jpg\" alt=\"\" width=\"150\" height=\"150\" \/><\/a><\/p>\n<p><a class=\"lightbox fancybox image\" href=\"http:\/\/www.acousticguitarmeeting.net\/wp-content\/uploads\/2020\/03\/Ed-Gerhard_3.jpg\"><img loading=\"lazy\" decoding=\"async\" class=\"alignleft size-thumbnail wp-image-11396\" src=\"http:\/\/www.acousticguitarmeeting.net\/wp-content\/uploads\/2020\/03\/Ed-Gerhard_3-150x150.jpg\" alt=\"\" width=\"150\" height=\"150\" \/><\/a><\/p>\n<p>&nbsp;<\/p>\n<p>&nbsp;<\/p>\n<p>&nbsp;<\/p>\n<p>assistenza e traduzioni\u00a0<strong>Camilla Conti<\/strong><\/p>\n<p>Costo euro 230,00 iva compresa<\/p>\n<p><a href=\"http:\/\/www.acousticguitarmeeting.net\/wp-content\/uploads\/2020\/03\/AGV20-iscrizione-masterclass-didattica-chitarristica.pdf\" target=\"_blank\" rel=\"noopener noreferrer\">SCARICA MODULO PER ISCRIZIONE<\/a><\/p>\n<p>Per l&#8217;intero programma e maggiori info visitate:<br \/>\n<a href=\"http:\/\/www.acousticguitarvillage.net\/cremona-2020\/corsi-di-formazione\/\" target=\"_blank\" rel=\"noopener noreferrer\">http:\/\/www.acousticguitarvillage.net\/cremona-2020\/corsi-di-formazione\/<\/a><\/p>\n<hr \/>\n<p>PASSATE EDIZIONI:<\/p>\n<p><strong>2019<br \/>\n<\/strong>MASTERCLASSES ALL&#8217;ACOUSTIC GUITAR VILLAGE all&#8217;interno di CREMONA MUSICA (sale masterclass 1 e 2 Uffici di Cremona Fiere)<br \/>\n<span style=\"color: #ff0000;\">Venerd\u00ec 27 \u2013 Sabato 28 \u2013 Domenica 29 settembre 2019, dalle 10 alle 13 e dalle 14,30 alle 17,30<\/span><\/p>\n<p>\u2013\u00a0<strong>Masterclass di liuteria per chitarra acustica,\u00a0<\/strong>docenti :<strong>\u00a0M\u00b0 Ken Parker (Usa),\u00a0 M\u00b0 Michael Greenfield (Canada), \u00a0M\u00b0 Dana Bourgeois (Usa)<\/strong><\/p>\n<p><a class=\"lightbox fancybox image\" href=\"http:\/\/www.acousticguitarmeeting.net\/wp-content\/uploads\/2019\/04\/Ken-and-YoYo.jpg\"><img loading=\"lazy\" decoding=\"async\" class=\"alignleft size-thumbnail wp-image-10540\" src=\"http:\/\/www.acousticguitarmeeting.net\/wp-content\/uploads\/2019\/04\/Ken-and-YoYo-150x150.jpg\" alt=\"\" width=\"150\" height=\"150\" \/><\/a><\/p>\n<p><strong><a class=\"lightbox fancybox image\" href=\"http:\/\/www.acousticguitarmeeting.net\/wp-content\/uploads\/2019\/04\/greenfield3.jpg\"><img loading=\"lazy\" decoding=\"async\" class=\"alignleft size-thumbnail wp-image-10541\" src=\"http:\/\/www.acousticguitarmeeting.net\/wp-content\/uploads\/2019\/04\/greenfield3-150x150.jpg\" alt=\"\" width=\"150\" height=\"150\" \/><\/a><a class=\"lightbox fancybox image\" href=\"http:\/\/www.acousticguitarmeeting.net\/wp-content\/uploads\/2019\/04\/image2.jpg\"><img loading=\"lazy\" decoding=\"async\" class=\"alignleft size-thumbnail wp-image-10542\" src=\"http:\/\/www.acousticguitarmeeting.net\/wp-content\/uploads\/2019\/04\/image2-150x150.jpg\" alt=\"\" width=\"150\" height=\"150\" \/><\/a><\/strong><\/p>\n<p>&nbsp;<\/p>\n<p>&nbsp;<\/p>\n<p>&nbsp;<\/p>\n<p><strong>\u2013 Masterclass di didattica per chitarra acustica,\u00a0<\/strong>docenti:<strong>\u00a0M\u00b0 Micki Piperno (Ita), M\u00b0 Pierre Bensusan (Francia)<\/strong><\/p>\n<p><a class=\"lightbox fancybox image\" href=\"http:\/\/www.acousticguitarmeeting.net\/wp-content\/uploads\/2018\/04\/DSC6706.jpg\"><img loading=\"lazy\" decoding=\"async\" class=\"alignleft size-thumbnail wp-image-9745\" src=\"http:\/\/www.acousticguitarmeeting.net\/wp-content\/uploads\/2018\/04\/DSC6706-150x150.jpg\" alt=\"\" width=\"150\" height=\"150\" \/><\/a><a class=\"lightbox fancybox image\" href=\"http:\/\/www.acousticguitarmeeting.net\/wp-content\/uploads\/2019\/04\/pb_fb_3.jpg\"><img loading=\"lazy\" decoding=\"async\" class=\"alignleft size-thumbnail wp-image-10543\" src=\"http:\/\/www.acousticguitarmeeting.net\/wp-content\/uploads\/2019\/04\/pb_fb_3-150x150.jpg\" alt=\"\" width=\"150\" height=\"150\" \/><\/a><\/p>\n<p>&nbsp;<\/p>\n<p>&nbsp;<\/p>\n<p>&nbsp;<\/p>\n<p>Per l&#8217;intero programma e maggiori info visitate:<br \/>\n<a href=\"http:\/\/www.acousticguitarvillage.net\/edizioni-passate-agm-cremona\/4-edizione-settembre-2019\/\" target=\"_blank\" rel=\"noopener noreferrer\">http:\/\/www.acousticguitarvillage.net\/edizioni-passate-agm-cremona\/4-edizione-settembre-2019\/<\/a><\/p>\n<hr \/>\n<p><strong>2018<\/strong><br \/>\nMASTERCLASSES ALL&#8217;ACOUSTIC GUITAR VILLAGE all&#8217;interno di CREMONA MUSICA (sale masterclass 1 e 2 Uffici di Cremona Fiere)<br \/>\n<span style=\"color: #ff0000;\">Venerd\u00ec 28 \u2013 Sabato 29 \u2013 Domenica 30 settembre 2018, dalle 10 alle 13 e dalle 14,30 alle 17,30<\/span><\/p>\n<p><strong>Masterclass di liuteria<\/strong>\u00a0<strong>e Masterclass di didattica per chitarra acustica<br \/>\n<\/strong>Per la liuteria docenti\u00a0 saranno i maestri americani\u00a0<strong>BRYAN GALLOUP<\/strong>\u00a0e\u00a0<strong>CHARLES FOX<\/strong>. La masterclass verter\u00e0 sulla costruzione dello strumento, dalla selezione dei materiali alla lucidatura finale, sulla riparazione strutturale e le chitarre vintage, sugli attrezzi da liuteria per piccoli laboratori.<\/p>\n<div class=\"wp-block-image\">\n<figure class=\"alignleft\"><a class=\"fancybox image\" href=\"http:\/\/www.acousticguitarmeeting.net\/wp-content\/uploads\/2018\/04\/Bryan-Galloup_1.jpg\"><img decoding=\"async\" class=\"wp-image-9735\" src=\"http:\/\/www.acousticguitarmeeting.net\/wp-content\/uploads\/2018\/04\/Bryan-Galloup_1-150x150.jpg\" alt=\"\" \/><\/a><\/figure>\n<\/div>\n<div class=\"wp-block-image\">\n<figure class=\"alignleft\"><a class=\"fancybox image\" href=\"http:\/\/www.acousticguitarmeeting.net\/wp-content\/uploads\/2018\/04\/Charles-Fox-in-shop.jpg\"><img decoding=\"async\" class=\"wp-image-9732\" src=\"http:\/\/www.acousticguitarmeeting.net\/wp-content\/uploads\/2018\/04\/Charles-Fox-in-shop-150x150.jpg\" alt=\"\" \/><\/a><\/figure>\n<\/div>\n<div class=\"wp-block-image\">\n<figure class=\"alignleft\"><a class=\"fancybox image\" href=\"http:\/\/www.acousticguitarmeeting.net\/wp-content\/uploads\/2018\/04\/charles-fox-guitars-ergo-1.jpg\"><img decoding=\"async\" class=\"wp-image-9734\" src=\"http:\/\/www.acousticguitarmeeting.net\/wp-content\/uploads\/2018\/04\/charles-fox-guitars-ergo-1-150x150.jpg\" alt=\"\" \/><\/a><\/figure>\n<\/div>\n<p>&nbsp;<\/p>\n<p>&nbsp;<\/p>\n<p>&nbsp;<\/p>\n<p>Per la didattica chitarrista i maestri saranno\u00a0<strong>MICKI PIPERNO<\/strong>, l\u2019inglese\u00a0<strong>CLIVE CARROLL<\/strong>\u00a0e l\u2019americano\u00a0<strong>JOHN JORGENSON<\/strong>. La masterclass verter\u00e0 su tecniche di base per la chitarra fingerstyle, arrangiamenti per chitarra sola ed elementi di gypsy jazz.<\/p>\n<div class=\"wp-block-image\">\n<figure class=\"alignleft\"><a class=\"fancybox image\" href=\"http:\/\/www.acousticguitarmeeting.net\/wp-content\/uploads\/2018\/04\/Micki-Piperno.jpg\"><img decoding=\"async\" class=\"wp-image-9743\" src=\"http:\/\/www.acousticguitarmeeting.net\/wp-content\/uploads\/2018\/04\/Micki-Piperno-150x150.jpg\" alt=\"\" \/><\/a><\/figure>\n<\/div>\n<div class=\"wp-block-image\">\n<figure class=\"alignleft\"><a class=\"fancybox image\" href=\"http:\/\/www.acousticguitarmeeting.net\/wp-content\/uploads\/2018\/04\/Clive-Carroll_2017_1.jpg\"><img decoding=\"async\" class=\"wp-image-9748\" src=\"http:\/\/www.acousticguitarmeeting.net\/wp-content\/uploads\/2018\/04\/Clive-Carroll_2017_1-150x150.jpg\" alt=\"\" \/><\/a><\/figure>\n<\/div>\n<div class=\"wp-block-image\">\n<figure class=\"alignleft\"><a class=\"fancybox image\" href=\"http:\/\/www.acousticguitarmeeting.net\/wp-content\/uploads\/2018\/04\/John-Jorgenson.jpg\"><img decoding=\"async\" class=\"wp-image-9751\" src=\"http:\/\/www.acousticguitarmeeting.net\/wp-content\/uploads\/2018\/04\/John-Jorgenson-150x150.jpg\" alt=\"\" \/><\/a><\/figure>\n<\/div>\n<p>&nbsp;<\/p>\n<p>&nbsp;<\/p>\n<p>&nbsp;<\/p>\n<p>Per l&#8217;intero programma e maggiori info visitate:<br \/>\n<a href=\"http:\/\/acousticguitarvillage.net\/edizioni-passate-agm-cremona\/3-edizione-settembre-2018\/\" target=\"_blank\" rel=\"noopener noreferrer\">http:\/\/acousticguitarvillage.net\/edizioni-passate-agm-cremona\/3-edizione-settembre-2018\/<\/a><\/p>\n<hr \/>\n<p><strong>2017<\/strong><br \/>\nMASTERCLASSES ALL&#8217;ACOUSTIC GUITAR VILLAGE all&#8217;interno di CREMONA MUSICA (sale masterclass 1 e 2 Uffici di Cremona Fiere)<br \/>\n<span style=\"color: #ff0000;\">Venerd\u00ec 29\u2013Sabato 30 settembre\u2013Domenica 1 ottobre 2017, dalle 10 alle 13 e dalle 14,30 alle 17,30<\/span><\/p>\n<p><strong>\u00a0<\/strong><strong>Masterclass di liuteria per chitarra acustica, classica e moderna<\/strong><\/p>\n<p>docenti:\u00a0<strong>M\u00b0 Richard Hoover (Usa), M\u00b0 Jason Kostal (Usa), M\u00b0 Steve Klein (Usa)<br \/>\n<a class=\"lightbox fancybox image\" href=\"http:\/\/www.acousticguitarmeeting.net\/wp-content\/uploads\/2016\/06\/RHoover.jpg\"><img loading=\"lazy\" decoding=\"async\" class=\"alignleft size-thumbnail wp-image-8895\" src=\"http:\/\/www.acousticguitarmeeting.net\/wp-content\/uploads\/2016\/06\/RHoover-150x150.jpg\" alt=\"\" width=\"150\" height=\"150\" \/><\/a><a class=\"lightbox fancybox image\" href=\"http:\/\/www.acousticguitarmeeting.net\/wp-content\/uploads\/2016\/06\/JasonKostalPic.jpeg\"><img loading=\"lazy\" decoding=\"async\" class=\"alignleft size-thumbnail wp-image-8896\" src=\"http:\/\/www.acousticguitarmeeting.net\/wp-content\/uploads\/2016\/06\/JasonKostalPic-150x150.jpeg\" alt=\"\" width=\"150\" height=\"150\" \/><\/a><a class=\"lightbox fancybox image\" href=\"http:\/\/www.acousticguitarmeeting.net\/wp-content\/uploads\/2016\/06\/Steve-Klein_2.jpg\"><img loading=\"lazy\" decoding=\"async\" class=\"alignleft size-thumbnail wp-image-8897\" src=\"http:\/\/www.acousticguitarmeeting.net\/wp-content\/uploads\/2016\/06\/Steve-Klein_2-150x150.jpg\" alt=\"\" width=\"150\" height=\"150\" \/><\/a><br \/>\n<\/strong><\/p>\n<p>&nbsp;<\/p>\n<p>&nbsp;<\/p>\n<p>traduzioni e coordinamento:\u00a0<strong>Max Monterosso e Piero Guagliumi<\/strong><\/p>\n<p><strong>Masterclass didattica per chitarra acustica<\/strong><\/p>\n<p>docenti:\u00a0<strong>Eric Lugosch (Usa), Micki Piperno (Ita), Paolo Bonfanti (Ita)<br \/>\n<a class=\"lightbox fancybox image\" href=\"http:\/\/www.acousticguitarmeeting.net\/wp-content\/uploads\/2016\/06\/Eric-Lugosch.jpg\"><img loading=\"lazy\" decoding=\"async\" class=\"alignleft size-thumbnail wp-image-8898\" src=\"http:\/\/www.acousticguitarmeeting.net\/wp-content\/uploads\/2016\/06\/Eric-Lugosch-150x150.jpg\" alt=\"\" width=\"150\" height=\"150\" \/><\/a><a class=\"lightbox fancybox image\" href=\"http:\/\/www.acousticguitarmeeting.net\/wp-content\/uploads\/2016\/06\/Micki-Piperno.jpg\"><img loading=\"lazy\" decoding=\"async\" class=\"alignleft size-thumbnail wp-image-8899\" src=\"http:\/\/www.acousticguitarmeeting.net\/wp-content\/uploads\/2016\/06\/Micki-Piperno-150x150.jpg\" alt=\"\" width=\"150\" height=\"150\" \/><\/a><a class=\"lightbox fancybox image\" href=\"http:\/\/www.acousticguitarmeeting.net\/wp-content\/uploads\/2016\/06\/Paolo-Bonfanti.jpg\"><img loading=\"lazy\" decoding=\"async\" class=\"alignleft size-thumbnail wp-image-8900\" src=\"http:\/\/www.acousticguitarmeeting.net\/wp-content\/uploads\/2016\/06\/Paolo-Bonfanti-150x150.jpg\" alt=\"\" width=\"150\" height=\"150\" \/><\/a><br \/>\n<\/strong><\/p>\n<p>&nbsp;<\/p>\n<p>&nbsp;<\/p>\n<p>traduzioni e coordinamento:\u00a0<strong>Micki Piperno e Camilla Conti<\/strong><\/p>\n<p>Per l&#8217;intero programma e maggiori info visitate:<br \/>\n<a href=\"http:\/\/www.acousticguitarvillage.net\/edizioni-passate-agm-cremona\/2-edizione-settembre-2017\/\" target=\"_blank\" rel=\"noopener noreferrer\">http:\/\/www.acousticguitarvillage.net\/edizioni-passate-agm-cremona\/2-edizione-settembre-2017\/<\/a><\/p>\n<hr \/>\n<p><strong>2016<\/strong><br \/>\nMASTERCLASSES all&#8217;ACOUSTIC GUITAR VILLAGE all&#8217;interno di CREMONA MONDOMUSICA<br \/>\nFIERA DI CREMONA<br \/>\n<span style=\"color: #ff0000;\">venerd\u00ec 30 settembre-sabato 1- domenica 2 ottobre 2016<\/span><\/p>\n<p><span style=\"text-decoration: underline;\"><strong>Masterclass di Liuteria per Chitarra Acustica<br \/>\n<\/strong><\/span>(sala Masterclass 1 presso Uffici di Cremona Fiere)<br \/>\n&#8211; dalle 10 alle 13 di ogni giorno <strong>M\u00b0 PIERLUIGI PANFILI<\/strong> presenta:<em> &#8220;La chitarra classica: retrospettiva storica dello strumento e principi basilari per la formazione del futuro liutaio: importanza del metodo&#8221;<\/em><br \/>\n-dalle 14.30 alle 17,30 di ogni giorno <strong>MICHAEL GURIAN (Usa) &amp; BILL COLLINGS (Usa)<\/strong> presentano: <em>&#8220;La costruzione delle chitarre acustiche, dalle prime metodologie ad oggi. I metodi di produzione moderna, dalla costruzione manuale alla produzione aziendale: strumenti e macchinari &#8221;<br \/>\n<\/em>aperto a tutti i liutai e costruttori di chitarre acustiche &#8211; iscrizione \u20ac 150,00<\/p>\n<p><a href=\"https:\/\/www.armadilloclub.org\/site\/wp-content\/uploads\/2015\/08\/M\u00b0-Pierluigi-Panfili.jpg\" rel=\"attachment wp-att-1133\"><img loading=\"lazy\" decoding=\"async\" class=\"alignnone wp-image-1133 size-thumbnail\" src=\"https:\/\/www.armadilloclub.org\/site\/wp-content\/uploads\/2015\/08\/M\u00b0-Pierluigi-Panfili-150x150.jpg\" alt=\"M\u00b0 Pierluigi Panfili\" width=\"150\" height=\"150\" \/><\/a>\u00a0<a href=\"https:\/\/www.armadilloclub.org\/site\/wp-content\/uploads\/2015\/08\/Michael-Gurian.jpg\" rel=\"attachment wp-att-1135\"><img loading=\"lazy\" decoding=\"async\" class=\"alignnone wp-image-1135 size-thumbnail\" src=\"https:\/\/www.armadilloclub.org\/site\/wp-content\/uploads\/2015\/08\/Michael-Gurian-150x150.jpg\" alt=\"Michael Gurian\" width=\"150\" height=\"150\" \/><\/a>\u00a0<a href=\"https:\/\/www.armadilloclub.org\/site\/wp-content\/uploads\/2015\/08\/Bill-Collings.jpg\" rel=\"attachment wp-att-1137\"><img loading=\"lazy\" decoding=\"async\" class=\"alignnone size-thumbnail wp-image-1137\" src=\"https:\/\/www.armadilloclub.org\/site\/wp-content\/uploads\/2015\/08\/Bill-Collings-150x150.jpg\" alt=\"Bill Collings\" width=\"150\" height=\"150\" \/><\/a><\/p>\n<p><span style=\"text-decoration: underline;\"><strong>Masterclass di Didattica per Chitarra Acustica<br \/>\n<\/strong><\/span>(sala Masterclass 2 presso Uffici di Cremona Fiere)<br \/>\n&#8211; dalle 10 alle 13 di ogni giorno <strong>SOIG SIBERIL (Francia)<\/strong> presenta: <em>&#8220;Musica celtica e bretone adattata per chitarra in accordatura aperta DADGAD&#8221;<\/em><br \/>\n-dalle 14.30 alle 17,30 di ogni giorno <strong>FRANCO MORONE<\/strong> presenta: <em>&#8220;Sviluppare tecnica e musicalit\u00e0 sulla chitarra acustica&#8221;<br \/>\n<\/em>aperto a tutti i chitarristi acustici &#8211; iscrizione \u20ac 150,00<\/p>\n<p><a href=\"https:\/\/www.armadilloclub.org\/site\/wp-content\/uploads\/2015\/08\/Soig-Siberil_1.jpg\" rel=\"attachment wp-att-1139\"><img loading=\"lazy\" decoding=\"async\" class=\"alignnone size-thumbnail wp-image-1139\" src=\"https:\/\/www.armadilloclub.org\/site\/wp-content\/uploads\/2015\/08\/Soig-Siberil_1-150x150.jpg\" alt=\"Soig Siberil_1\" width=\"150\" height=\"150\" \/><\/a>\u00a0<a href=\"https:\/\/www.armadilloclub.org\/site\/wp-content\/uploads\/2015\/08\/francomorone.jpg\" rel=\"attachment wp-att-1141\"><img loading=\"lazy\" decoding=\"async\" class=\"alignnone size-thumbnail wp-image-1141\" src=\"https:\/\/www.armadilloclub.org\/site\/wp-content\/uploads\/2015\/08\/francomorone-150x150.jpg\" alt=\"francomorone\" width=\"150\" height=\"150\" \/><br \/>\n<\/a>Per l&#8217;intero programma e maggiori info visitate:<br \/>\n<a href=\"http:\/\/www.acousticguitarmeeting.net\/edizioni-passate-agm-cremona\/1-edizione-settembre-2016\/\" target=\"_blank\" rel=\"noopener noreferrer\">http:\/\/www.acousticguitarvillage.net\/edizioni-passate-agm-cremona\/1-edizione-settembre-2016\/<\/a><\/p>\n<hr \/>\n<p><strong>AGM18 &#8211; Sarzana 2015<\/strong><\/p>\n<p><a href=\"http:\/\/armadilloclub.org\/site\/wp-content\/uploads\/2015\/08\/depliant-formazione_2015_1p.jpg\"><img loading=\"lazy\" decoding=\"async\" class=\"alignnone size-medium wp-image-345\" src=\"http:\/\/armadilloclub.org\/site\/wp-content\/uploads\/2015\/08\/depliant-formazione_2015_1p-300x218.jpg\" alt=\"depliant formazione_2015_1p\" width=\"300\" height=\"218\" srcset=\"https:\/\/www.armadilloclub.org\/site\/wp-content\/uploads\/2015\/08\/depliant-formazione_2015_1p-300x218.jpg 300w, https:\/\/www.armadilloclub.org\/site\/wp-content\/uploads\/2015\/08\/depliant-formazione_2015_1p-768x557.jpg 768w, https:\/\/www.armadilloclub.org\/site\/wp-content\/uploads\/2015\/08\/depliant-formazione_2015_1p-1024x743.jpg 1024w, https:\/\/www.armadilloclub.org\/site\/wp-content\/uploads\/2015\/08\/depliant-formazione_2015_1p.jpg 1115w\" sizes=\"auto, (max-width: 300px) 100vw, 300px\" \/><\/a>\u00a0 \u00a0<a href=\"http:\/\/armadilloclub.org\/site\/wp-content\/uploads\/2015\/08\/depliant-formazione_2015_2p.jpg\"><img loading=\"lazy\" decoding=\"async\" class=\"alignnone size-medium wp-image-346\" src=\"http:\/\/armadilloclub.org\/site\/wp-content\/uploads\/2015\/08\/depliant-formazione_2015_2p-300x202.jpg\" alt=\"depliant formazione_2015_2p\" width=\"300\" height=\"202\" srcset=\"https:\/\/www.armadilloclub.org\/site\/wp-content\/uploads\/2015\/08\/depliant-formazione_2015_2p-300x202.jpg 300w, https:\/\/www.armadilloclub.org\/site\/wp-content\/uploads\/2015\/08\/depliant-formazione_2015_2p-768x517.jpg 768w, https:\/\/www.armadilloclub.org\/site\/wp-content\/uploads\/2015\/08\/depliant-formazione_2015_2p-1024x689.jpg 1024w, https:\/\/www.armadilloclub.org\/site\/wp-content\/uploads\/2015\/08\/depliant-formazione_2015_2p.jpg 1046w\" sizes=\"auto, (max-width: 300px) 100vw, 300px\" \/><\/a><\/p>\n<hr \/>\n<p><strong>AGM17 &#8211; Sarzana 2014 \u00a0<\/strong> \u00a0 \u00a0 \u00a0 \u00a0 \u00a0 \u00a0 \u00a0 \u00a0 \u00a0 \u00a0 \u00a0 \u00a0 \u00a0 \u00a0 \u00a0 \u00a0 \u00a0 \u00a0 \u00a0 \u00a0 \u00a0 \u00a0 \u00a0 \u00a0 \u00a0 \u00a0 \u00a0 \u00a0 \u00a0 \u00a0 \u00a0 \u00a0 \u00a0 \u00a0 \u00a0 \u00a0 \u00a0 \u00a0 \u00a0 \u00a0 \u00a0 \u00a0 \u00a0 \u00a0 \u00a0 \u00a0 \u00a0 \u00a0 \u00a0 \u00a0 \u00a0 \u00a0 \u00a0 \u00a0 \u00a0 \u00a0 \u00a0 \u00a0 \u00a0 \u00a0 \u00a0 \u00a0 \u00a0 \u00a0 \u00a0 \u00a0 \u00a0\u00a0<a href=\"http:\/\/armadilloclub.org\/site\/wp-content\/uploads\/2015\/08\/depliant-formazione_2014_1.jpg\"><img loading=\"lazy\" decoding=\"async\" class=\"alignnone size-medium wp-image-343\" src=\"http:\/\/armadilloclub.org\/site\/wp-content\/uploads\/2015\/08\/depliant-formazione_2014_1-300x212.jpg\" alt=\"depliant formazione_2014_1\" width=\"300\" height=\"212\" srcset=\"https:\/\/www.armadilloclub.org\/site\/wp-content\/uploads\/2015\/08\/depliant-formazione_2014_1-300x212.jpg 300w, https:\/\/www.armadilloclub.org\/site\/wp-content\/uploads\/2015\/08\/depliant-formazione_2014_1-768x543.jpg 768w, https:\/\/www.armadilloclub.org\/site\/wp-content\/uploads\/2015\/08\/depliant-formazione_2014_1-1024x725.jpg 1024w, https:\/\/www.armadilloclub.org\/site\/wp-content\/uploads\/2015\/08\/depliant-formazione_2014_1.jpg 1228w\" sizes=\"auto, (max-width: 300px) 100vw, 300px\" \/><\/a>\u00a0 \u00a0<a href=\"http:\/\/armadilloclub.org\/site\/wp-content\/uploads\/2015\/08\/depliant-formazione_2014_2.jpg\"><img loading=\"lazy\" decoding=\"async\" class=\"alignnone size-medium wp-image-344\" src=\"http:\/\/armadilloclub.org\/site\/wp-content\/uploads\/2015\/08\/depliant-formazione_2014_2-300x212.jpg\" alt=\"depliant formazione_2014_2\" width=\"300\" height=\"212\" srcset=\"https:\/\/www.armadilloclub.org\/site\/wp-content\/uploads\/2015\/08\/depliant-formazione_2014_2-300x212.jpg 300w, https:\/\/www.armadilloclub.org\/site\/wp-content\/uploads\/2015\/08\/depliant-formazione_2014_2-768x543.jpg 768w, https:\/\/www.armadilloclub.org\/site\/wp-content\/uploads\/2015\/08\/depliant-formazione_2014_2-1024x725.jpg 1024w, https:\/\/www.armadilloclub.org\/site\/wp-content\/uploads\/2015\/08\/depliant-formazione_2014_2.jpg 1228w\" sizes=\"auto, (max-width: 300px) 100vw, 300px\" \/><\/a><\/p>\n<hr \/>\n<p><strong>AGM16 &#8211; Sarzana 2013<\/strong> \u00a0 \u00a0 \u00a0 \u00a0 \u00a0 \u00a0 \u00a0 \u00a0 \u00a0 \u00a0 \u00a0 \u00a0 \u00a0 \u00a0 \u00a0 \u00a0 \u00a0 \u00a0 \u00a0 \u00a0 \u00a0 \u00a0 \u00a0 \u00a0 \u00a0 \u00a0 \u00a0 \u00a0 \u00a0 \u00a0 \u00a0 \u00a0 \u00a0 \u00a0 \u00a0 \u00a0 \u00a0 \u00a0 \u00a0 \u00a0 \u00a0 \u00a0 \u00a0 \u00a0 \u00a0 \u00a0 \u00a0 \u00a0 \u00a0 \u00a0 \u00a0 \u00a0 \u00a0 \u00a0 \u00a0 \u00a0 \u00a0 \u00a0 \u00a0 \u00a0 \u00a0 \u00a0 \u00a0 \u00a0 \u00a0 \u00a0 \u00a0 \u00a0\u00a0<a href=\"http:\/\/armadilloclub.org\/site\/wp-content\/uploads\/2015\/08\/depliant-formazioneAGM16_2013_1.jpg\"><img loading=\"lazy\" decoding=\"async\" class=\"alignnone size-medium wp-image-341\" src=\"http:\/\/armadilloclub.org\/site\/wp-content\/uploads\/2015\/08\/depliant-formazioneAGM16_2013_1-300x213.jpg\" alt=\"depliant formazioneAGM16_2013_1\" width=\"300\" height=\"213\" srcset=\"https:\/\/www.armadilloclub.org\/site\/wp-content\/uploads\/2015\/08\/depliant-formazioneAGM16_2013_1-300x213.jpg 300w, https:\/\/www.armadilloclub.org\/site\/wp-content\/uploads\/2015\/08\/depliant-formazioneAGM16_2013_1-768x546.jpg 768w, https:\/\/www.armadilloclub.org\/site\/wp-content\/uploads\/2015\/08\/depliant-formazioneAGM16_2013_1-1024x727.jpg 1024w, https:\/\/www.armadilloclub.org\/site\/wp-content\/uploads\/2015\/08\/depliant-formazioneAGM16_2013_1.jpg 1067w\" sizes=\"auto, (max-width: 300px) 100vw, 300px\" \/><\/a>\u00a0 \u00a0<a href=\"http:\/\/armadilloclub.org\/site\/wp-content\/uploads\/2015\/08\/depliant-formazioneAGM16_2013_2.jpg\"><img loading=\"lazy\" decoding=\"async\" class=\"alignnone size-medium wp-image-342\" src=\"http:\/\/armadilloclub.org\/site\/wp-content\/uploads\/2015\/08\/depliant-formazioneAGM16_2013_2-300x206.jpg\" alt=\"depliant formazioneAGM16_2013_2\" width=\"300\" height=\"206\" srcset=\"https:\/\/www.armadilloclub.org\/site\/wp-content\/uploads\/2015\/08\/depliant-formazioneAGM16_2013_2-300x206.jpg 300w, https:\/\/www.armadilloclub.org\/site\/wp-content\/uploads\/2015\/08\/depliant-formazioneAGM16_2013_2-768x528.jpg 768w, https:\/\/www.armadilloclub.org\/site\/wp-content\/uploads\/2015\/08\/depliant-formazioneAGM16_2013_2-1024x705.jpg 1024w, https:\/\/www.armadilloclub.org\/site\/wp-content\/uploads\/2015\/08\/depliant-formazioneAGM16_2013_2.jpg 1244w\" sizes=\"auto, (max-width: 300px) 100vw, 300px\" \/><\/a><\/p>\n<hr \/>\n<p><strong>AGM15 &#8211; Sarzana 2012<\/strong> \u00a0 \u00a0 \u00a0 \u00a0 \u00a0 \u00a0 \u00a0 \u00a0 \u00a0 \u00a0 \u00a0 \u00a0 \u00a0 \u00a0 \u00a0 \u00a0 \u00a0 \u00a0 \u00a0 \u00a0 \u00a0 \u00a0 \u00a0 \u00a0 \u00a0 \u00a0 \u00a0 \u00a0 \u00a0 \u00a0 \u00a0 \u00a0 \u00a0 \u00a0 \u00a0 \u00a0 \u00a0 \u00a0 \u00a0 \u00a0 \u00a0 \u00a0 \u00a0 \u00a0 \u00a0 \u00a0 \u00a0 \u00a0 \u00a0 \u00a0 \u00a0 \u00a0 \u00a0 \u00a0 \u00a0 \u00a0 \u00a0 \u00a0 \u00a0 \u00a0 \u00a0 \u00a0 \u00a0 \u00a0 \u00a0 \u00a0 \u00a0 \u00a0\u00a0<a href=\"http:\/\/armadilloclub.org\/site\/wp-content\/uploads\/2015\/08\/depliant-formazione_2012_1.jpg\"><img loading=\"lazy\" decoding=\"async\" class=\"alignnone size-medium wp-image-338\" src=\"http:\/\/armadilloclub.org\/site\/wp-content\/uploads\/2015\/08\/depliant-formazione_2012_1-300x213.jpg\" alt=\"depliant formazione_2012_1\" width=\"300\" height=\"213\" srcset=\"https:\/\/www.armadilloclub.org\/site\/wp-content\/uploads\/2015\/08\/depliant-formazione_2012_1-300x213.jpg 300w, https:\/\/www.armadilloclub.org\/site\/wp-content\/uploads\/2015\/08\/depliant-formazione_2012_1-768x546.jpg 768w, https:\/\/www.armadilloclub.org\/site\/wp-content\/uploads\/2015\/08\/depliant-formazione_2012_1-1024x728.jpg 1024w, https:\/\/www.armadilloclub.org\/site\/wp-content\/uploads\/2015\/08\/depliant-formazione_2012_1.jpg 1185w\" sizes=\"auto, (max-width: 300px) 100vw, 300px\" \/><\/a>\u00a0 \u00a0<a href=\"http:\/\/armadilloclub.org\/site\/wp-content\/uploads\/2015\/08\/depliant-formazione_2012_2.jpg\"><img loading=\"lazy\" decoding=\"async\" class=\"alignnone size-medium wp-image-339\" src=\"http:\/\/armadilloclub.org\/site\/wp-content\/uploads\/2015\/08\/depliant-formazione_2012_2-300x211.jpg\" alt=\"depliant formazione_2012_2\" width=\"300\" height=\"211\" srcset=\"https:\/\/www.armadilloclub.org\/site\/wp-content\/uploads\/2015\/08\/depliant-formazione_2012_2-300x211.jpg 300w, https:\/\/www.armadilloclub.org\/site\/wp-content\/uploads\/2015\/08\/depliant-formazione_2012_2-768x541.jpg 768w, https:\/\/www.armadilloclub.org\/site\/wp-content\/uploads\/2015\/08\/depliant-formazione_2012_2-1024x721.jpg 1024w, https:\/\/www.armadilloclub.org\/site\/wp-content\/uploads\/2015\/08\/depliant-formazione_2012_2.jpg 1173w\" sizes=\"auto, (max-width: 300px) 100vw, 300px\" \/><\/a><\/p>\n<hr \/>\n<p><strong>AGM14 &#8211; Sarzana 2011<\/strong> \u00a0 \u00a0 \u00a0 \u00a0 \u00a0 \u00a0 \u00a0 \u00a0 \u00a0 \u00a0 \u00a0 \u00a0 \u00a0 \u00a0 \u00a0 \u00a0 \u00a0 \u00a0 \u00a0 \u00a0 \u00a0 \u00a0 \u00a0 \u00a0 \u00a0 \u00a0 \u00a0 \u00a0 \u00a0 \u00a0 \u00a0 \u00a0 \u00a0 \u00a0 \u00a0 \u00a0 \u00a0 \u00a0 \u00a0 \u00a0 \u00a0 \u00a0 \u00a0 \u00a0 \u00a0 \u00a0 \u00a0 \u00a0 \u00a0 \u00a0 \u00a0 \u00a0 \u00a0 \u00a0 \u00a0 \u00a0 \u00a0 \u00a0 \u00a0 \u00a0 \u00a0 \u00a0 \u00a0 \u00a0 \u00a0 \u00a0 \u00a0 \u00a0 \u00a0 \u00a0 \u00a0 \u00a0 \u00a0 \u00a0 \u00a0 \u00a0 \u00a0 \u00a0 \u00a0\u00a0<a href=\"http:\/\/armadilloclub.org\/site\/wp-content\/uploads\/2015\/08\/locandinaFormazione_2011.jpg\"><img loading=\"lazy\" decoding=\"async\" class=\"alignnone size-medium wp-image-336\" src=\"http:\/\/armadilloclub.org\/site\/wp-content\/uploads\/2015\/08\/locandinaFormazione_2011-212x300.jpg\" alt=\"locandinaFormazione_2011\" width=\"212\" height=\"300\" srcset=\"https:\/\/www.armadilloclub.org\/site\/wp-content\/uploads\/2015\/08\/locandinaFormazione_2011-212x300.jpg 212w, https:\/\/www.armadilloclub.org\/site\/wp-content\/uploads\/2015\/08\/locandinaFormazione_2011-768x1085.jpg 768w, https:\/\/www.armadilloclub.org\/site\/wp-content\/uploads\/2015\/08\/locandinaFormazione_2011-725x1024.jpg 725w, https:\/\/www.armadilloclub.org\/site\/wp-content\/uploads\/2015\/08\/locandinaFormazione_2011.jpg 1969w\" sizes=\"auto, (max-width: 212px) 100vw, 212px\" \/><\/a><\/p>\n<hr \/>\n<p><strong>AGM13 &#8211; Sarzana 2010<\/strong><\/p>\n<p>ASSOCIAZIONE CULTURALE \u201cARMADILLO CLUB\u201d e\u00a0ASSOCIAZIONE VALDIMAGRA FORMAZIONE<br \/>\ncon la collaborazione ed il contributo dell&#8217;Assessorato alla Cultura e Formazione della Provincia della Spezia<br \/>\npresentano\u00a0CORSO DI FORMAZIONE &#8220;LA LIUTERIA E LA DIDATTICA PER CHITARRA&#8221;<br \/>\n<strong>mercoled\u00ec 19, gioved\u00ec 20, venerd\u00ec 21 MAGGIO \u00a02010 <\/strong><\/p>\n<p>Docenti:<br \/>\n<a href=\"http:\/\/armadilloclub.org\/site\/wp-content\/uploads\/2015\/08\/Bryan-Galloup.jpe\"><img loading=\"lazy\" decoding=\"async\" class=\" size-thumbnail wp-image-353 alignleft\" src=\"http:\/\/armadilloclub.org\/site\/wp-content\/uploads\/2015\/08\/Bryan-Galloup-150x150.jpe\" alt=\"Bryan Galloup\" width=\"150\" height=\"150\" \/><\/a>Liuteria per chitarra acustica: <strong>M\u00b0 BRYAN GALLOUP (Usa) &#8211; M\u00b0 LEONARDO PETRUCCI \u2013 M\u00b0 FRANCO DI FILIPPO<br \/>\n<\/strong>Didattica e tecniche per chitarra acustica: <strong>DAVIDE MASTRANGELO &#8211; MASSIMO VARINI &#8211; ALEX DE GRASSI (Usa)<\/strong><br \/>\nSeminario basso elettrico &amp; chitarra acustica: <strong>MICHAEL MANRING (Usa)<\/strong><\/p>\n<p>Coordinatore Organizzativo: ALESSIO AMBROSI<\/p>\n<hr \/>\n<p><strong>AGM12 &#8211; Sarzana 2009<\/strong><\/p>\n<p>ASSOCIAZIONE CULTURALE \u201cARMADILLO CLUB\u201d e\u00a0ASSOCIAZIONE VALDIMAGRA FORMAZIONE<br \/>\ncon la collaborazione ed il contributo dell&#8217;Assessorato alla Cultura e Formazione della Provincia della Spezia<br \/>\npresentano\u00a0CORSO DI FORMAZIONE &#8220;LA LIUTERIA E LA DIDATTICA PER CHITARRA&#8221;<br \/>\n<strong>Mercoled\u00ec 20 &#8211; Gioved\u00ec 21 &#8211; Venerd\u00ec 22 &#8211; sabato 23 &#8211; domenica 24 MAGGIO 2009<\/strong><\/p>\n<p>Docenti:<br \/>\n<a href=\"http:\/\/armadilloclub.org\/site\/wp-content\/uploads\/2015\/08\/Robert-Godin.jpg\"><img loading=\"lazy\" decoding=\"async\" class=\" size-thumbnail wp-image-354 alignleft\" src=\"http:\/\/armadilloclub.org\/site\/wp-content\/uploads\/2015\/08\/Robert-Godin-150x150.jpg\" alt=\"Robert Godin\" width=\"150\" height=\"150\" \/><\/a>Liuteria per chitarra acustica: <strong>M\u00b0 HARRY FLEISHMAN (Usa) &#8211; M\u00b0 ROBERT GODIN (Canada) &#8211; M\u00b0 FABIO OGNIBENI (Ita)<br \/>\n<\/strong>Didattica e tecniche per chitarra acustica: <strong>DAVIDE MASTRANGELO (Ita) &#8211; DUCK BAKER (Usa) &#8211; ED GERHARD (Usa) &#8211; PAOLO GIORDANO (Ita) &#8211; PAOLO MARI (Ita)<\/strong><\/p>\n<p>Tutor e Coordinatore Organizzativo: ALESSIO AMBROSI<br \/>\nTraduttori: JACQUELINE PERKINS, GIULIA MILLANTA<\/p>\n<hr \/>\n<p><strong>AGM11 &#8211; Sarzana 2008<\/strong><\/p>\n<p>ASSOCIAZIONE CULTURALE \u201cARMADILLO CLUB\u201d e\u00a0ASSOCIAZIONE VALDIMAGRA FORMAZIONE con la collaborazione della FONDAZIONE CARISPE<br \/>\npresentano\u00a0CORSO DI FORMAZIONE &#8220;LA LIUTERIA E LA DIDATTICA PER CHITARRA&#8221;<br \/>\n<strong>Mercoled\u00ec 21 &#8211; Gioved\u00ec 22 &#8211; Venerd\u00ec 23 MAGGIO<\/strong> <strong>2008<\/strong><\/p>\n<p>Docenti:<br \/>\n<a href=\"http:\/\/armadilloclub.org\/site\/wp-content\/uploads\/2015\/08\/03_RoyMcAlister.jpg\"><img loading=\"lazy\" decoding=\"async\" class=\" size-thumbnail wp-image-355 alignleft\" src=\"http:\/\/armadilloclub.org\/site\/wp-content\/uploads\/2015\/08\/03_RoyMcAlister-150x150.jpg\" alt=\"03_RoyMcAlister\" width=\"150\" height=\"150\" \/><\/a>Liuteria per chitarra acustica: <strong>M\u00b0 ROY Mc ALISTER (Usa) &#8211; M\u00b0 PAOLO CORIANI &#8211; M\u00b0 ROBERTO FONTANOT &#8211; M\u00b0 ANDREA RIVOLTA<\/strong><br \/>\nDidattica e tecniche per chitarra acustica: <strong>DAVIDE MASTRANGELO &#8211; FRANCO MORONE<\/strong><br \/>\nDidattica e tecniche per chitarra acustica al femminile, \u201csongwriting\u201d, tecniche per la voce: <strong>DIANE PONZIO (Usa)<\/strong><\/p>\n<p>Coordinatore Organizzativo: ALESSIO AMBROSI<\/p>\n<hr \/>\n<p><strong>AGM10 &#8211; Sarzana 2007<\/strong><\/p>\n<p>ASSOCIAZIONE CULTURALE \u201cARMADILLO CLUB\u201d e\u00a0ASSOCIAZIONE VALDIMAGRA FORMAZIONE<br \/>\npresentano\u00a0CORSO DI FORMAZIONE &#8220;LA LIUTERIA E LA DIDATTICA PER CHITARRA&#8221;<br \/>\n<strong>Mercoled\u00ec 16 &#8211; Gioved\u00ec 17 &#8211; Venerd\u00ec 18 MAGGIO<\/strong> <strong>2007<\/strong><\/p>\n<p>Docenti:<br \/>\n<a href=\"http:\/\/armadilloclub.org\/site\/wp-content\/uploads\/2015\/08\/PHIL-LEADBETTER-TRIO_06.jpg\"><img loading=\"lazy\" decoding=\"async\" class=\" size-thumbnail wp-image-356 alignleft\" src=\"http:\/\/armadilloclub.org\/site\/wp-content\/uploads\/2015\/08\/PHIL-LEADBETTER-TRIO_06-150x150.jpg\" alt=\"PHIL LEADBETTER TRIO_06\" width=\"150\" height=\"150\" \/><\/a>Liuteria per chitarra acustica: <strong>M\u00b0 MICHAEL DUNN (Canada) &#8211; M\u00b0 ROBERTO FONTANOT &amp; Prof. ANTONIO SELMO<\/strong><br \/>\nDidattica e tecniche per chitarra acustica: <strong>DAVIDE MASTRANGELO &#8211; PAOLO GIORDANO &#8211; SALVATORE RUSSO &amp; STOCHELO ROSENBERG &#8211; PHIL LEADBETTER (Usa)<\/strong><\/p>\n<p>Coordinatore Organizzativo: ALESSIO AMBROSI<\/p>\n","protected":false},"excerpt":{"rendered":"<p>MASTERCLASSES ALL&#8217;ACOUSTIC GUITAR VILLAGE all&#8217;interno di CREMONA MUSICA (sale masterclass 1 e 2 Uffici di Cremona Fiere) Venerd\u00ec 25 \u2013 Sabato 26 \u2013 Domenica 27 settembre 2020, dalle 10 alle 13 e dalle 14,30 alle 17,30 Masterclass di liuteria per &hellip; <\/p>\n<p><a class=\"more-link\" href=\"https:\/\/www.armadilloclub.org\/site\/didattica-seminari-workshops\/acoustic-guitar-meeting-workshops\/\">Continue reading<\/a><\/p>\n","protected":false},"author":1,"featured_media":0,"parent":178,"menu_order":0,"comment_status":"closed","ping_status":"closed","template":"","meta":{"footnotes":""},"class_list":["post-273","page","type-page","status-publish","hentry"],"_links":{"self":[{"href":"https:\/\/www.armadilloclub.org\/site\/wp-json\/wp\/v2\/pages\/273","targetHints":{"allow":["GET"]}}],"collection":[{"href":"https:\/\/www.armadilloclub.org\/site\/wp-json\/wp\/v2\/pages"}],"about":[{"href":"https:\/\/www.armadilloclub.org\/site\/wp-json\/wp\/v2\/types\/page"}],"author":[{"embeddable":true,"href":"https:\/\/www.armadilloclub.org\/site\/wp-json\/wp\/v2\/users\/1"}],"replies":[{"embeddable":true,"href":"https:\/\/www.armadilloclub.org\/site\/wp-json\/wp\/v2\/comments?post=273"}],"version-history":[{"count":35,"href":"https:\/\/www.armadilloclub.org\/site\/wp-json\/wp\/v2\/pages\/273\/revisions"}],"predecessor-version":[{"id":1748,"href":"https:\/\/www.armadilloclub.org\/site\/wp-json\/wp\/v2\/pages\/273\/revisions\/1748"}],"up":[{"embeddable":true,"href":"https:\/\/www.armadilloclub.org\/site\/wp-json\/wp\/v2\/pages\/178"}],"wp:attachment":[{"href":"https:\/\/www.armadilloclub.org\/site\/wp-json\/wp\/v2\/media?parent=273"}],"curies":[{"name":"wp","href":"https:\/\/api.w.org\/{rel}","templated":true}]}}